{"id":768,"date":"2018-07-21T14:56:41","date_gmt":"2018-07-21T14:56:41","guid":{"rendered":"http:\/\/www.alqueriamorayma.com\/?page_id=768"},"modified":"2023-12-19T12:33:36","modified_gmt":"2023-12-19T12:33:36","slug":"oferta-julio-2-noches-x-1","status":"publish","type":"page","link":"https:\/\/www.alqueriamorayma.com\/fr\/oferta-julio-2-noches-x-1\/","title":{"rendered":"(Espa\u00f1ol) Actividades"},"content":{"rendered":"<p style=\"text-align:center\"><a>Desde el hotel rural Alquer\u00eda de Morayma y el centro de turismo activo y\r\nocio&nbsp;Alpujarra Salvaje&nbsp;lanzamos<\/a><\/p>\r\n\r\n\r\n\r\n<p style=\"text-align:center\"><br>\r\n<br>\r\n<strong>PACK OFERTA<\/strong>&nbsp;<strong>AGOSTO 2023:<\/strong><\/p>\r\n\r\n\r\n\r\n<p style=\"text-align:center\"><strong>&nbsp;10% de\r\ndescuento Viernes y S\u00e1bados en Alojamiento:<\/strong><\/p>\r\n\r\n\r\n\r\n<p style=\"text-align:center\"><strong>HABITACI\u00d3N TRIPLE 84\u20ac\/noche<\/strong><\/p>\r\n\r\n\r\n\r\n<p style=\"text-align:center\"><strong>HABITACION 4 PERSONAS 118\u20ac\/noche<\/strong><\/p>\r\n\r\n\r\n\r\n<p><\/p>\r\n\r\n\r\n\r\n<p><\/p>\r\n\r\n\r\n\r\n<p><\/p>\r\n\r\n\r\n\r\n<p><\/p>\r\n\r\n\r\n\r\n<p style=\"text-align:center\"><strong>20% de descuento, de Domingo a Jueves, en Alojamiento:<\/strong><\/p>\r\n\r\n\r\n\r\n<p style=\"text-align:center\"><strong>HABITACI\u00d3N TRIPLE 75\u20ac\/noche<\/strong><\/p>\r\n\r\n\r\n\r\n<p style=\"text-align:center\"><strong>HABITACION 4 PERSONAS 105\u20ac\/noche<\/strong><\/p>\r\n\r\n\r\n\r\n<p style=\"text-align:center\">Parque Multiaventura+ Paintball Familiar + Tiro con\r\narco <\/p>\r\n\r\n\r\n\r\n<p style=\"text-align:center\"><strong>\u00a127\u20ac por persona!<\/strong><\/p>\r\n\r\n\r\n\r\n<p style=\"text-align:center\">Ven a drisfrutar en familia de estas divertidas\r\nactividades y aloj\u00e1ndote en un lugar \u00fanico, en plena naturaleza y con\r\nrestaurante de gastronom\u00eda local exquisita.<br>\r\n<br>\r\n<strong><\/strong><\/p>\r\n\r\n\r\n\r\n<p>Inf\u00f3rmate de\r\ntodas las actividades en llamando al<\/p>\r\n\r\n\r\n\r\n<p>605 051 841 \/\r\n958 343 303 \/ 958 343 221 (Alquer\u00eda de Morayma)<\/p>\r\n\r\n\r\n\r\n<p>641 22 82 09\r\n(Alpujarra Salvaje)<\/p>\r\n\r\n\r\n\r\n<p style=\"text-align:center\"><em>\u00bf\u00bfVas a dejar escapar esta oportunidad??<br> Te esperamos, \u00a1Reserva ya!<\/em><\/p>\r\n\r\n\r\n\r\n<div class=\"wp-block-image\"><figure class=\"aligncenter is-resized\"><img loading=\"lazy\" decoding=\"async\" data-attachment-id=\"1330\" data-permalink=\"https:\/\/www.alqueriamorayma.com\/fr\/oferta-julio-2-noches-x-1\/imagen-de-whatsapp-2023-07-25-a-las-11-34-50\/\" data-orig-file=\"https:\/\/www.alqueriamorayma.com\/wp-content\/uploads\/2023\/07\/Imagen-de-WhatsApp-2023-07-25-a-las-11.34.50.jpg\" data-orig-size=\"1080,1074\" data-comments-opened=\"1\" data-image-meta=\"{&quot;aperture&quot;:&quot;0&quot;,&quot;credit&quot;:&quot;&quot;,&quot;camera&quot;:&quot;&quot;,&quot;caption&quot;:&quot;&quot;,&quot;created_timestamp&quot;:&quot;0&quot;,&quot;copyright&quot;:&quot;&quot;,&quot;focal_length&quot;:&quot;0&quot;,&quot;iso&quot;:&quot;0&quot;,&quot;shutter_speed&quot;:&quot;0&quot;,&quot;title&quot;:&quot;&quot;,&quot;orientation&quot;:&quot;0&quot;}\" data-image-title=\"Imagen de WhatsApp 2023-07-25 a las 11.34.50\" data-image-description=\"\" data-image-caption=\"\" data-medium-file=\"https:\/\/www.alqueriamorayma.com\/wp-content\/uploads\/2023\/07\/Imagen-de-WhatsApp-2023-07-25-a-las-11.34.50-300x298.jpg\" data-large-file=\"https:\/\/www.alqueriamorayma.com\/wp-content\/uploads\/2023\/07\/Imagen-de-WhatsApp-2023-07-25-a-las-11.34.50-1024x1018.jpg\" tabindex=\"0\" role=\"button\" src=\"https:\/\/i1.wp.com\/www.alqueriamorayma.com\/wp-content\/uploads\/2023\/07\/Imagen-de-WhatsApp-2023-07-25-a-las-11.34.50.jpg?fit=750%2C746\" alt=\"\" class=\"wp-image-1330\" width=\"188\" height=\"187\" srcset=\"https:\/\/www.alqueriamorayma.com\/wp-content\/uploads\/2023\/07\/Imagen-de-WhatsApp-2023-07-25-a-las-11.34.50.jpg 1080w, https:\/\/www.alqueriamorayma.com\/wp-content\/uploads\/2023\/07\/Imagen-de-WhatsApp-2023-07-25-a-las-11.34.50-150x150.jpg 150w, https:\/\/www.alqueriamorayma.com\/wp-content\/uploads\/2023\/07\/Imagen-de-WhatsApp-2023-07-25-a-las-11.34.50-300x298.jpg 300w, https:\/\/www.alqueriamorayma.com\/wp-content\/uploads\/2023\/07\/Imagen-de-WhatsApp-2023-07-25-a-las-11.34.50-768x764.jpg 768w, https:\/\/www.alqueriamorayma.com\/wp-content\/uploads\/2023\/07\/Imagen-de-WhatsApp-2023-07-25-a-las-11.34.50-1024x1018.jpg 1024w, https:\/\/www.alqueriamorayma.com\/wp-content\/uploads\/2023\/07\/Imagen-de-WhatsApp-2023-07-25-a-las-11.34.50-270x270.jpg 270w, https:\/\/www.alqueriamorayma.com\/wp-content\/uploads\/2023\/07\/Imagen-de-WhatsApp-2023-07-25-a-las-11.34.50-230x230.jpg 230w\" sizes=\"(max-width: 188px) 100vw, 188px\" \/><\/figure><\/div>\r\n\r\n\r\n\r\n<div class=\"wp-block-image\"><figure class=\"aligncenter is-resized\"><img loading=\"lazy\" decoding=\"async\" data-attachment-id=\"1331\" data-permalink=\"https:\/\/www.alqueriamorayma.com\/fr\/oferta-julio-2-noches-x-1\/imagen-de-whatsapp-2023-07-25-a-las-11-34-51\/\" data-orig-file=\"https:\/\/www.alqueriamorayma.com\/wp-content\/uploads\/2023\/07\/Imagen-de-WhatsApp-2023-07-25-a-las-11.34.51.jpg\" data-orig-size=\"926,1063\" data-comments-opened=\"1\" data-image-meta=\"{&quot;aperture&quot;:&quot;0&quot;,&quot;credit&quot;:&quot;&quot;,&quot;camera&quot;:&quot;&quot;,&quot;caption&quot;:&quot;&quot;,&quot;created_timestamp&quot;:&quot;0&quot;,&quot;copyright&quot;:&quot;&quot;,&quot;focal_length&quot;:&quot;0&quot;,&quot;iso&quot;:&quot;0&quot;,&quot;shutter_speed&quot;:&quot;0&quot;,&quot;title&quot;:&quot;&quot;,&quot;orientation&quot;:&quot;0&quot;}\" data-image-title=\"Imagen de WhatsApp 2023-07-25 a las 11.34.51\" data-image-description=\"\" data-image-caption=\"\" data-medium-file=\"https:\/\/www.alqueriamorayma.com\/wp-content\/uploads\/2023\/07\/Imagen-de-WhatsApp-2023-07-25-a-las-11.34.51-261x300.jpg\" data-large-file=\"https:\/\/www.alqueriamorayma.com\/wp-content\/uploads\/2023\/07\/Imagen-de-WhatsApp-2023-07-25-a-las-11.34.51-892x1024.jpg\" tabindex=\"0\" role=\"button\" src=\"https:\/\/i2.wp.com\/www.alqueriamorayma.com\/wp-content\/uploads\/2023\/07\/Imagen-de-WhatsApp-2023-07-25-a-las-11.34.51.jpg?fit=750%2C861\" alt=\"\" class=\"wp-image-1331\" width=\"188\" height=\"215\" srcset=\"https:\/\/www.alqueriamorayma.com\/wp-content\/uploads\/2023\/07\/Imagen-de-WhatsApp-2023-07-25-a-las-11.34.51.jpg 926w, https:\/\/www.alqueriamorayma.com\/wp-content\/uploads\/2023\/07\/Imagen-de-WhatsApp-2023-07-25-a-las-11.34.51-261x300.jpg 261w, https:\/\/www.alqueriamorayma.com\/wp-content\/uploads\/2023\/07\/Imagen-de-WhatsApp-2023-07-25-a-las-11.34.51-768x882.jpg 768w, https:\/\/www.alqueriamorayma.com\/wp-content\/uploads\/2023\/07\/Imagen-de-WhatsApp-2023-07-25-a-las-11.34.51-892x1024.jpg 892w\" sizes=\"(max-width: 188px) 100vw, 188px\" \/><\/figure><\/div>\r\n\r\n\r\n\r\n<div class=\"wp-block-image\"><figure class=\"aligncenter is-resized\"><img loading=\"lazy\" decoding=\"async\" data-attachment-id=\"1332\" data-permalink=\"https:\/\/www.alqueriamorayma.com\/fr\/oferta-julio-2-noches-x-1\/imagen-de-whatsapp-2023-07-25-a-las-11-34-53\/\" data-orig-file=\"https:\/\/www.alqueriamorayma.com\/wp-content\/uploads\/2023\/07\/Imagen-de-WhatsApp-2023-07-25-a-las-11.34.53.jpg\" data-orig-size=\"1080,1071\" data-comments-opened=\"1\" data-image-meta=\"{&quot;aperture&quot;:&quot;0&quot;,&quot;credit&quot;:&quot;&quot;,&quot;camera&quot;:&quot;&quot;,&quot;caption&quot;:&quot;&quot;,&quot;created_timestamp&quot;:&quot;0&quot;,&quot;copyright&quot;:&quot;&quot;,&quot;focal_length&quot;:&quot;0&quot;,&quot;iso&quot;:&quot;0&quot;,&quot;shutter_speed&quot;:&quot;0&quot;,&quot;title&quot;:&quot;&quot;,&quot;orientation&quot;:&quot;0&quot;}\" data-image-title=\"Imagen de WhatsApp 2023-07-25 a las 11.34.53\" data-image-description=\"\" data-image-caption=\"\" data-medium-file=\"https:\/\/www.alqueriamorayma.com\/wp-content\/uploads\/2023\/07\/Imagen-de-WhatsApp-2023-07-25-a-las-11.34.53-300x298.jpg\" data-large-file=\"https:\/\/www.alqueriamorayma.com\/wp-content\/uploads\/2023\/07\/Imagen-de-WhatsApp-2023-07-25-a-las-11.34.53-1024x1015.jpg\" tabindex=\"0\" role=\"button\" src=\"https:\/\/i1.wp.com\/www.alqueriamorayma.com\/wp-content\/uploads\/2023\/07\/Imagen-de-WhatsApp-2023-07-25-a-las-11.34.53.jpg?fit=750%2C743\" alt=\"\" class=\"wp-image-1332\" width=\"187\" height=\"186\" srcset=\"https:\/\/www.alqueriamorayma.com\/wp-content\/uploads\/2023\/07\/Imagen-de-WhatsApp-2023-07-25-a-las-11.34.53.jpg 1080w, https:\/\/www.alqueriamorayma.com\/wp-content\/uploads\/2023\/07\/Imagen-de-WhatsApp-2023-07-25-a-las-11.34.53-150x150.jpg 150w, https:\/\/www.alqueriamorayma.com\/wp-content\/uploads\/2023\/07\/Imagen-de-WhatsApp-2023-07-25-a-las-11.34.53-300x298.jpg 300w, https:\/\/www.alqueriamorayma.com\/wp-content\/uploads\/2023\/07\/Imagen-de-WhatsApp-2023-07-25-a-las-11.34.53-768x762.jpg 768w, https:\/\/www.alqueriamorayma.com\/wp-content\/uploads\/2023\/07\/Imagen-de-WhatsApp-2023-07-25-a-las-11.34.53-1024x1015.jpg 1024w, https:\/\/www.alqueriamorayma.com\/wp-content\/uploads\/2023\/07\/Imagen-de-WhatsApp-2023-07-25-a-las-11.34.53-270x270.jpg 270w, https:\/\/www.alqueriamorayma.com\/wp-content\/uploads\/2023\/07\/Imagen-de-WhatsApp-2023-07-25-a-las-11.34.53-230x230.jpg 230w\" sizes=\"(max-width: 187px) 100vw, 187px\" \/><\/figure><\/div>","protected":false},"excerpt":{"rendered":"<p>Desde el hotel rural Alquer\u00eda de Morayma y el centro de turismo activo y ocio&nbsp;Alpujarra Salvaje&nbsp;lanzamos PACK OFERTA&nbsp;AGOSTO 2023: &nbsp;10% de descuento Viernes y S\u00e1bados en Alojamiento: HABITACI\u00d3N TRIPLE 84\u20ac\/noche HABITACION 4 PERSONAS 118\u20ac\/noche 20% de descuento, de Domingo a<\/p>\n","protected":false},"author":1,"featured_media":0,"parent":0,"menu_order":0,"comment_status":"closed","ping_status":"closed","template":"","meta":{"jetpack_post_was_ever_published":false,"footnotes":""},"yoast_head":"<!-- This site is optimized with the Yoast SEO plugin v23.5 - https:\/\/yoast.com\/wordpress\/plugins\/seo\/ -->\n<title>(Espa\u00f1ol) Actividades - Alquer\u00eda de Morayma<\/title>\n<meta name=\"robots\" content=\"index, follow, max-snippet:-1, max-image-preview:large, max-video-preview:-1\" \/>\n<link rel=\"canonical\" href=\"https:\/\/www.alqueriamorayma.com\/oferta-julio-2-noches-x-1\/\" \/>\n<meta property=\"og:locale\" content=\"fr_FR\" \/>\n<meta property=\"og:type\" content=\"article\" \/>\n<meta property=\"og:title\" content=\"(Espa\u00f1ol) Actividades - Alquer\u00eda de Morayma\" \/>\n<meta property=\"og:description\" content=\"Desde el hotel rural Alquer\u00eda de Morayma y el centro de turismo activo y ocio&nbsp;Alpujarra Salvaje&nbsp;lanzamos PACK OFERTA&nbsp;AGOSTO 2023: &nbsp;10% de descuento Viernes y S\u00e1bados en Alojamiento: HABITACI\u00d3N TRIPLE 84\u20ac\/noche HABITACION 4 PERSONAS 118\u20ac\/noche 20% de descuento, de Domingo a\" \/>\n<meta property=\"og:url\" content=\"https:\/\/www.alqueriamorayma.com\/oferta-julio-2-noches-x-1\/\" \/>\n<meta property=\"og:site_name\" content=\"Alquer\u00eda de Morayma\" \/>\n<meta property=\"article:publisher\" content=\"https:\/\/es-es.facebook.com\/alqueriamorayma\/\" \/>\n<meta property=\"article:modified_time\" content=\"2023-12-19T12:33:36+00:00\" \/>\n<meta property=\"og:image\" content=\"https:\/\/i1.wp.com\/www.alqueriamorayma.com\/wp-content\/uploads\/2023\/07\/Imagen-de-WhatsApp-2023-07-25-a-las-11.34.50.jpg?fit=750%2C746\" \/>\n<meta name=\"twitter:card\" content=\"summary_large_image\" \/>\n<meta name=\"twitter:site\" content=\"@alqueriamorayma\" \/>\n<meta name=\"twitter:label1\" content=\"Dur\u00e9e de lecture estim\u00e9e\" \/>\n\t<meta name=\"twitter:data1\" content=\"2 minutes\" \/>\n<script type=\"application\/ld+json\" class=\"yoast-schema-graph\">{\"@context\":\"https:\/\/schema.org\",\"@graph\":[{\"@type\":\"WebPage\",\"@id\":\"https:\/\/www.alqueriamorayma.com\/oferta-julio-2-noches-x-1\/\",\"url\":\"https:\/\/www.alqueriamorayma.com\/oferta-julio-2-noches-x-1\/\",\"name\":\"(Espa\u00f1ol) Actividades - Alquer\u00eda de Morayma\",\"isPartOf\":{\"@id\":\"https:\/\/www.alqueriamorayma.com\/#website\"},\"primaryImageOfPage\":{\"@id\":\"https:\/\/www.alqueriamorayma.com\/oferta-julio-2-noches-x-1\/#primaryimage\"},\"image\":{\"@id\":\"https:\/\/www.alqueriamorayma.com\/oferta-julio-2-noches-x-1\/#primaryimage\"},\"thumbnailUrl\":\"https:\/\/i1.wp.com\/www.alqueriamorayma.com\/wp-content\/uploads\/2023\/07\/Imagen-de-WhatsApp-2023-07-25-a-las-11.34.50.jpg?fit=750%2C746\",\"datePublished\":\"2018-07-21T14:56:41+00:00\",\"dateModified\":\"2023-12-19T12:33:36+00:00\",\"breadcrumb\":{\"@id\":\"https:\/\/www.alqueriamorayma.com\/oferta-julio-2-noches-x-1\/#breadcrumb\"},\"inLanguage\":\"fr-FR\",\"potentialAction\":[{\"@type\":\"ReadAction\",\"target\":[\"https:\/\/www.alqueriamorayma.com\/oferta-julio-2-noches-x-1\/\"]}]},{\"@type\":\"ImageObject\",\"inLanguage\":\"fr-FR\",\"@id\":\"https:\/\/www.alqueriamorayma.com\/oferta-julio-2-noches-x-1\/#primaryimage\",\"url\":\"https:\/\/i1.wp.com\/www.alqueriamorayma.com\/wp-content\/uploads\/2023\/07\/Imagen-de-WhatsApp-2023-07-25-a-las-11.34.50.jpg?fit=750%2C746\",\"contentUrl\":\"https:\/\/i1.wp.com\/www.alqueriamorayma.com\/wp-content\/uploads\/2023\/07\/Imagen-de-WhatsApp-2023-07-25-a-las-11.34.50.jpg?fit=750%2C746\"},{\"@type\":\"BreadcrumbList\",\"@id\":\"https:\/\/www.alqueriamorayma.com\/oferta-julio-2-noches-x-1\/#breadcrumb\",\"itemListElement\":[{\"@type\":\"ListItem\",\"position\":1,\"name\":\"Portada\",\"item\":\"https:\/\/www.alqueriamorayma.com\/\"},{\"@type\":\"ListItem\",\"position\":2,\"name\":\"Actividades\"}]},{\"@type\":\"WebSite\",\"@id\":\"https:\/\/www.alqueriamorayma.com\/#website\",\"url\":\"https:\/\/www.alqueriamorayma.com\/\",\"name\":\"Alquer\u00eda de Morayma\",\"description\":\"Hotel Rural en la Alpujarra\",\"publisher\":{\"@id\":\"https:\/\/www.alqueriamorayma.com\/#organization\"},\"potentialAction\":[{\"@type\":\"SearchAction\",\"target\":{\"@type\":\"EntryPoint\",\"urlTemplate\":\"https:\/\/www.alqueriamorayma.com\/?s={search_term_string}\"},\"query-input\":{\"@type\":\"PropertyValueSpecification\",\"valueRequired\":true,\"valueName\":\"search_term_string\"}}],\"inLanguage\":\"fr-FR\"},{\"@type\":\"Organization\",\"@id\":\"https:\/\/www.alqueriamorayma.com\/#organization\",\"name\":\"Alqueria de Morayma\",\"url\":\"https:\/\/www.alqueriamorayma.com\/\",\"logo\":{\"@type\":\"ImageObject\",\"inLanguage\":\"fr-FR\",\"@id\":\"https:\/\/www.alqueriamorayma.com\/#\/schema\/logo\/image\/\",\"url\":\"https:\/\/i0.wp.com\/www.alqueriamorayma.com\/wp-content\/uploads\/2017\/03\/logo-alqueria.png?fit=100%2C74\",\"contentUrl\":\"https:\/\/i0.wp.com\/www.alqueriamorayma.com\/wp-content\/uploads\/2017\/03\/logo-alqueria.png?fit=100%2C74\",\"width\":100,\"height\":74,\"caption\":\"Alqueria de Morayma\"},\"image\":{\"@id\":\"https:\/\/www.alqueriamorayma.com\/#\/schema\/logo\/image\/\"},\"sameAs\":[\"https:\/\/es-es.facebook.com\/alqueriamorayma\/\",\"https:\/\/x.com\/alqueriamorayma\"]}]}<\/script>\n<!-- \/ Yoast SEO plugin. -->","yoast_head_json":{"title":"(Espa\u00f1ol) Actividades - Alquer\u00eda de Morayma","robots":{"index":"index","follow":"follow","max-snippet":"max-snippet:-1","max-image-preview":"max-image-preview:large","max-video-preview":"max-video-preview:-1"},"canonical":"https:\/\/www.alqueriamorayma.com\/oferta-julio-2-noches-x-1\/","og_locale":"fr_FR","og_type":"article","og_title":"(Espa\u00f1ol) Actividades - Alquer\u00eda de Morayma","og_description":"Desde el hotel rural Alquer\u00eda de Morayma y el centro de turismo activo y ocio&nbsp;Alpujarra Salvaje&nbsp;lanzamos PACK OFERTA&nbsp;AGOSTO 2023: &nbsp;10% de descuento Viernes y S\u00e1bados en Alojamiento: HABITACI\u00d3N TRIPLE 84\u20ac\/noche HABITACION 4 PERSONAS 118\u20ac\/noche 20% de descuento, de Domingo a","og_url":"https:\/\/www.alqueriamorayma.com\/oferta-julio-2-noches-x-1\/","og_site_name":"Alquer\u00eda de Morayma","article_publisher":"https:\/\/es-es.facebook.com\/alqueriamorayma\/","article_modified_time":"2023-12-19T12:33:36+00:00","og_image":[{"url":"https:\/\/i1.wp.com\/www.alqueriamorayma.com\/wp-content\/uploads\/2023\/07\/Imagen-de-WhatsApp-2023-07-25-a-las-11.34.50.jpg?fit=750%2C746"}],"twitter_card":"summary_large_image","twitter_site":"@alqueriamorayma","twitter_misc":{"Dur\u00e9e de lecture estim\u00e9e":"2 minutes"},"schema":{"@context":"https:\/\/schema.org","@graph":[{"@type":"WebPage","@id":"https:\/\/www.alqueriamorayma.com\/oferta-julio-2-noches-x-1\/","url":"https:\/\/www.alqueriamorayma.com\/oferta-julio-2-noches-x-1\/","name":"(Espa\u00f1ol) Actividades - Alquer\u00eda de Morayma","isPartOf":{"@id":"https:\/\/www.alqueriamorayma.com\/#website"},"primaryImageOfPage":{"@id":"https:\/\/www.alqueriamorayma.com\/oferta-julio-2-noches-x-1\/#primaryimage"},"image":{"@id":"https:\/\/www.alqueriamorayma.com\/oferta-julio-2-noches-x-1\/#primaryimage"},"thumbnailUrl":"https:\/\/i1.wp.com\/www.alqueriamorayma.com\/wp-content\/uploads\/2023\/07\/Imagen-de-WhatsApp-2023-07-25-a-las-11.34.50.jpg?fit=750%2C746","datePublished":"2018-07-21T14:56:41+00:00","dateModified":"2023-12-19T12:33:36+00:00","breadcrumb":{"@id":"https:\/\/www.alqueriamorayma.com\/oferta-julio-2-noches-x-1\/#breadcrumb"},"inLanguage":"fr-FR","potentialAction":[{"@type":"ReadAction","target":["https:\/\/www.alqueriamorayma.com\/oferta-julio-2-noches-x-1\/"]}]},{"@type":"ImageObject","inLanguage":"fr-FR","@id":"https:\/\/www.alqueriamorayma.com\/oferta-julio-2-noches-x-1\/#primaryimage","url":"https:\/\/i1.wp.com\/www.alqueriamorayma.com\/wp-content\/uploads\/2023\/07\/Imagen-de-WhatsApp-2023-07-25-a-las-11.34.50.jpg?fit=750%2C746","contentUrl":"https:\/\/i1.wp.com\/www.alqueriamorayma.com\/wp-content\/uploads\/2023\/07\/Imagen-de-WhatsApp-2023-07-25-a-las-11.34.50.jpg?fit=750%2C746"},{"@type":"BreadcrumbList","@id":"https:\/\/www.alqueriamorayma.com\/oferta-julio-2-noches-x-1\/#breadcrumb","itemListElement":[{"@type":"ListItem","position":1,"name":"Portada","item":"https:\/\/www.alqueriamorayma.com\/"},{"@type":"ListItem","position":2,"name":"Actividades"}]},{"@type":"WebSite","@id":"https:\/\/www.alqueriamorayma.com\/#website","url":"https:\/\/www.alqueriamorayma.com\/","name":"Alquer\u00eda de Morayma","description":"Hotel Rural en la Alpujarra","publisher":{"@id":"https:\/\/www.alqueriamorayma.com\/#organization"},"potentialAction":[{"@type":"SearchAction","target":{"@type":"EntryPoint","urlTemplate":"https:\/\/www.alqueriamorayma.com\/?s={search_term_string}"},"query-input":{"@type":"PropertyValueSpecification","valueRequired":true,"valueName":"search_term_string"}}],"inLanguage":"fr-FR"},{"@type":"Organization","@id":"https:\/\/www.alqueriamorayma.com\/#organization","name":"Alqueria de Morayma","url":"https:\/\/www.alqueriamorayma.com\/","logo":{"@type":"ImageObject","inLanguage":"fr-FR","@id":"https:\/\/www.alqueriamorayma.com\/#\/schema\/logo\/image\/","url":"https:\/\/i0.wp.com\/www.alqueriamorayma.com\/wp-content\/uploads\/2017\/03\/logo-alqueria.png?fit=100%2C74","contentUrl":"https:\/\/i0.wp.com\/www.alqueriamorayma.com\/wp-content\/uploads\/2017\/03\/logo-alqueria.png?fit=100%2C74","width":100,"height":74,"caption":"Alqueria de Morayma"},"image":{"@id":"https:\/\/www.alqueriamorayma.com\/#\/schema\/logo\/image\/"},"sameAs":["https:\/\/es-es.facebook.com\/alqueriamorayma\/","https:\/\/x.com\/alqueriamorayma"]}]}},"jetpack_sharing_enabled":true,"jetpack_shortlink":"https:\/\/wp.me\/P8sFGa-co","jetpack-related-posts":[],"_links":{"self":[{"href":"https:\/\/www.alqueriamorayma.com\/fr\/wp-json\/wp\/v2\/pages\/768"}],"collection":[{"href":"https:\/\/www.alqueriamorayma.com\/fr\/wp-json\/wp\/v2\/pages"}],"about":[{"href":"https:\/\/www.alqueriamorayma.com\/fr\/wp-json\/wp\/v2\/types\/page"}],"author":[{"embeddable":true,"href":"https:\/\/www.alqueriamorayma.com\/fr\/wp-json\/wp\/v2\/users\/1"}],"replies":[{"embeddable":true,"href":"https:\/\/www.alqueriamorayma.com\/fr\/wp-json\/wp\/v2\/comments?post=768"}],"version-history":[{"count":11,"href":"https:\/\/www.alqueriamorayma.com\/fr\/wp-json\/wp\/v2\/pages\/768\/revisions"}],"predecessor-version":[{"id":1398,"href":"https:\/\/www.alqueriamorayma.com\/fr\/wp-json\/wp\/v2\/pages\/768\/revisions\/1398"}],"wp:attachment":[{"href":"https:\/\/www.alqueriamorayma.com\/fr\/wp-json\/wp\/v2\/media?parent=768"}],"curies":[{"name":"wp","href":"https:\/\/api.w.org\/{rel}","templated":true}]}}