{"id":103,"date":"2017-01-17T12:59:17","date_gmt":"2017-01-17T12:59:17","guid":{"rendered":"http:\/\/www.alqueriamorayma.com\/?page_id=103"},"modified":"2017-02-24T12:12:56","modified_gmt":"2017-02-24T12:12:56","slug":"senderismo","status":"publish","type":"page","link":"https:\/\/www.alqueriamorayma.com\/fr\/senderismo\/","title":{"rendered":"Randonn\u00e9e p\u00e9destre"},"content":{"rendered":"<h3>Sendero Local \u201cLas acequias de la Alquer\u00eda\u201d SL-A 49<\/h3>\n<p><img loading=\"lazy\" decoding=\"async\" data-attachment-id=\"446\" data-permalink=\"https:\/\/www.alqueriamorayma.com\/fr\/senderismo\/comienzo-del-sendero-acequia-alqueria\/\" data-orig-file=\"https:\/\/www.alqueriamorayma.com\/wp-content\/uploads\/2017\/01\/comienzo-del-sendero-acequia-alqueria.jpg\" data-orig-size=\"709,474\" data-comments-opened=\"1\" data-image-meta=\"{&quot;aperture&quot;:&quot;10&quot;,&quot;credit&quot;:&quot;&quot;,&quot;camera&quot;:&quot;NIKON D200&quot;,&quot;caption&quot;:&quot;&quot;,&quot;created_timestamp&quot;:&quot;1236167901&quot;,&quot;copyright&quot;:&quot;&quot;,&quot;focal_length&quot;:&quot;125&quot;,&quot;iso&quot;:&quot;320&quot;,&quot;shutter_speed&quot;:&quot;0.00285714&quot;,&quot;title&quot;:&quot;&quot;,&quot;orientation&quot;:&quot;1&quot;}\" data-image-title=\"comienzo-del-sendero-acequia-alqueria\" data-image-description=\"\" data-image-caption=\"\" data-medium-file=\"https:\/\/www.alqueriamorayma.com\/wp-content\/uploads\/2017\/01\/comienzo-del-sendero-acequia-alqueria-300x201.jpg\" data-large-file=\"https:\/\/www.alqueriamorayma.com\/wp-content\/uploads\/2017\/01\/comienzo-del-sendero-acequia-alqueria.jpg\" tabindex=\"0\" role=\"button\" class=\"size-medium wp-image-446 alignright\" src=\"http:\/\/www.alqueriamorayma.com\/wp-content\/uploads\/2017\/01\/comienzo-del-sendero-acequia-alqueria-300x201.jpg\" alt=\"\" width=\"300\" height=\"201\" srcset=\"https:\/\/www.alqueriamorayma.com\/wp-content\/uploads\/2017\/01\/comienzo-del-sendero-acequia-alqueria-300x201.jpg 300w, https:\/\/www.alqueriamorayma.com\/wp-content\/uploads\/2017\/01\/comienzo-del-sendero-acequia-alqueria.jpg 709w\" sizes=\"(max-width: 300px) 100vw, 300px\" \/><\/p>\n<p>Dur\u00e9e\u00a01h. \u00a0Distance: 2 Km. \u00a0D\u00e9nivel\u00e9: 75 m. \u00a0 Balis\u00e9 par des bandes verte et blanche.<\/p>\n<p>Le sentier commence en face du pittoresque b\u00e2timent o\u00f9 se trouvent le fouloir et la presse \u00e0 huile dans le centre agro-touristique de la Alquer\u00eda de Morayma, et aussi les chambres Des Fleurs et De la Bodega.<\/p>\n<span class=\"collapseomatic \" id=\"id69f557cc3448c\"  tabindex=\"0\" title=\"Lire plus...\"    >Lire plus...<\/span><div id=\"target-id69f557cc3448c\" class=\"collapseomatic_content \">\n<p><img loading=\"lazy\" decoding=\"async\" data-attachment-id=\"447\" data-permalink=\"https:\/\/www.alqueriamorayma.com\/fr\/senderismo\/flores-en-el-lagar\/\" data-orig-file=\"https:\/\/www.alqueriamorayma.com\/wp-content\/uploads\/2017\/01\/flores-en-el-lagar.jpg\" data-orig-size=\"709,472\" data-comments-opened=\"1\" data-image-meta=\"{&quot;aperture&quot;:&quot;4.2&quot;,&quot;credit&quot;:&quot;&quot;,&quot;camera&quot;:&quot;NIKON D200&quot;,&quot;caption&quot;:&quot;&quot;,&quot;created_timestamp&quot;:&quot;1190741008&quot;,&quot;copyright&quot;:&quot;&quot;,&quot;focal_length&quot;:&quot;31&quot;,&quot;iso&quot;:&quot;640&quot;,&quot;shutter_speed&quot;:&quot;0.0125&quot;,&quot;title&quot;:&quot;&quot;,&quot;orientation&quot;:&quot;1&quot;}\" data-image-title=\"flores-en-el-lagar\" data-image-description=\"\" data-image-caption=\"\" data-medium-file=\"https:\/\/www.alqueriamorayma.com\/wp-content\/uploads\/2017\/01\/flores-en-el-lagar-300x200.jpg\" data-large-file=\"https:\/\/www.alqueriamorayma.com\/wp-content\/uploads\/2017\/01\/flores-en-el-lagar.jpg\" tabindex=\"0\" role=\"button\" class=\"size-medium wp-image-447 alignleft\" src=\"http:\/\/www.alqueriamorayma.com\/wp-content\/uploads\/2017\/01\/flores-en-el-lagar-300x200.jpg\" alt=\"\" width=\"300\" height=\"200\" srcset=\"https:\/\/www.alqueriamorayma.com\/wp-content\/uploads\/2017\/01\/flores-en-el-lagar-300x200.jpg 300w, https:\/\/www.alqueriamorayma.com\/wp-content\/uploads\/2017\/01\/flores-en-el-lagar.jpg 709w\" sizes=\"(max-width: 300px) 100vw, 300px\" \/>La plupart des plantes qui fleurissent dans les champs sont repr\u00e9sent\u00e9es sur de jolies images dans le b\u00e2timent de la cave\u201d Bodega \u201c. Dans le fouloir on peut voir 50 carrelages repr\u00e9sentant des plantes m\u00e9dicinales, aromatiques et culinaires qui poussent ici m\u00eame et dans les alentours de la\u00a0 Alquer\u00eda de Morayma.<\/p>\n<p><img loading=\"lazy\" decoding=\"async\" data-attachment-id=\"448\" data-permalink=\"https:\/\/www.alqueriamorayma.com\/fr\/senderismo\/sendero-de-las-acequias1\/\" data-orig-file=\"https:\/\/www.alqueriamorayma.com\/wp-content\/uploads\/2017\/01\/sendero-de-las-acequias1.jpg\" data-orig-size=\"474,709\" data-comments-opened=\"1\" data-image-meta=\"{&quot;aperture&quot;:&quot;6.3&quot;,&quot;credit&quot;:&quot;&quot;,&quot;camera&quot;:&quot;NIKON D200&quot;,&quot;caption&quot;:&quot;&quot;,&quot;created_timestamp&quot;:&quot;1239966573&quot;,&quot;copyright&quot;:&quot;&quot;,&quot;focal_length&quot;:&quot;34&quot;,&quot;iso&quot;:&quot;100&quot;,&quot;shutter_speed&quot;:&quot;0.00625&quot;,&quot;title&quot;:&quot;&quot;,&quot;orientation&quot;:&quot;1&quot;}\" data-image-title=\"sendero-de-las-acequias1\" data-image-description=\"\" data-image-caption=\"\" data-medium-file=\"https:\/\/www.alqueriamorayma.com\/wp-content\/uploads\/2017\/01\/sendero-de-las-acequias1-201x300.jpg\" data-large-file=\"https:\/\/www.alqueriamorayma.com\/wp-content\/uploads\/2017\/01\/sendero-de-las-acequias1.jpg\" tabindex=\"0\" role=\"button\" class=\"size-medium wp-image-448 alignright\" src=\"http:\/\/www.alqueriamorayma.com\/wp-content\/uploads\/2017\/01\/sendero-de-las-acequias1-201x300.jpg\" alt=\"\" width=\"201\" height=\"300\" srcset=\"https:\/\/www.alqueriamorayma.com\/wp-content\/uploads\/2017\/01\/sendero-de-las-acequias1-201x300.jpg 201w, https:\/\/www.alqueriamorayma.com\/wp-content\/uploads\/2017\/01\/sendero-de-las-acequias1.jpg 474w\" sizes=\"(max-width: 201px) 100vw, 201px\" \/>En face du b\u00e2timent, le sentier croise une retenue d\u2019eau, et entre sur une terrasse qui monte, ainsi la premi\u00e8re partie de cette route s\u2019effectue entre collines d\u2019amandiers et ravins de ch\u00eanes verts. Beaucoup d\u2019arbres sont orn\u00e9s de beaux lichens sur leur troncs, ce qui leur donne une teinte sp\u00e9ciale.<\/p>\n<p>La terrasse d\u00e9bouche sur une zone ouverte o\u00f9 le sentier monte une cinquantaine de m\u00e8tres pour continuer par la terrasse de droite. Celle-ci nous introduit dans un\u00a0ravin magnifique : D\u2019abord on le parcourt par sa rive droite au-dessous de nombreux ch\u00eanes-verts et quelques saules. Plus bas, on\u00a0traverse vers\u00a0 l\u2019autre rive \u00e0 l\u2019ombre d\u2019un sorbier.<\/p>\n<p><img loading=\"lazy\" decoding=\"async\" data-attachment-id=\"449\" data-permalink=\"https:\/\/www.alqueriamorayma.com\/fr\/senderismo\/al-fondo-lobras\/\" data-orig-file=\"https:\/\/www.alqueriamorayma.com\/wp-content\/uploads\/2017\/01\/al-fondo-lobras.jpg\" data-orig-size=\"709,453\" data-comments-opened=\"1\" data-image-meta=\"{&quot;aperture&quot;:&quot;10&quot;,&quot;credit&quot;:&quot;&quot;,&quot;camera&quot;:&quot;NIKON D200&quot;,&quot;caption&quot;:&quot;&quot;,&quot;created_timestamp&quot;:&quot;1236449870&quot;,&quot;copyright&quot;:&quot;&quot;,&quot;focal_length&quot;:&quot;125&quot;,&quot;iso&quot;:&quot;1000&quot;,&quot;shutter_speed&quot;:&quot;0.0025&quot;,&quot;title&quot;:&quot;&quot;,&quot;orientation&quot;:&quot;1&quot;}\" data-image-title=\"al-fondo-lobras\" data-image-description=\"\" data-image-caption=\"\" data-medium-file=\"https:\/\/www.alqueriamorayma.com\/wp-content\/uploads\/2017\/01\/al-fondo-lobras-300x192.jpg\" data-large-file=\"https:\/\/www.alqueriamorayma.com\/wp-content\/uploads\/2017\/01\/al-fondo-lobras.jpg\" tabindex=\"0\" role=\"button\" class=\"size-medium wp-image-449 alignleft\" src=\"http:\/\/www.alqueriamorayma.com\/wp-content\/uploads\/2017\/01\/al-fondo-lobras-300x192.jpg\" alt=\"\" width=\"300\" height=\"192\" srcset=\"https:\/\/www.alqueriamorayma.com\/wp-content\/uploads\/2017\/01\/al-fondo-lobras-300x192.jpg 300w, https:\/\/www.alqueriamorayma.com\/wp-content\/uploads\/2017\/01\/al-fondo-lobras.jpg 709w\" sizes=\"(max-width: 300px) 100vw, 300px\" \/>Apr\u00e8s les ch\u00eanes verts\u00a0appara\u00eet sur la berge de gauche une ancienne p\u00e9pini\u00e8re d\u2019amandiers, si on passe entre F\u00e9vrier et Mars, on aura la surprise\u00a0d\u2019un tapis de narcisses blancs\u00a0 (Narcisus cantabriun) \u00e0 c\u00f4t\u00e9 d\u2019un bosquet de fr\u00eanes. Et \u00e0 droite sortent entre Avril et Mai, les orchid\u00e9es \u00e0 fleurs blanches \u201cCephalanthera longifolia\u201d.<\/p>\n<p>Sur ce chemin apparaissent plusieurs terriers et, dans une clairi\u00e8re entre terrasses d\u2019oliviers, une maisonnette de campagne avec une pi\u00e8ce pour la mule et l\u2019autre avec une chemin\u00e9e. De la porte de la maisonnette, le sentier descend entre les cistes jusqu\u2019\u00e0 la acequia (canal d\u2019irrigation) Un petit pont traverse son cours, pr\u00e9sid\u00e9 par un\u00a0grand micocoulier. Prendre \u00e0 droite pour remonter par le sentier qui accompagne la charmante acequia toute entour\u00e9e de fr\u00eanes, m\u00fbriers et micocouliers.<\/p>\n<p><img loading=\"lazy\" decoding=\"async\" data-attachment-id=\"450\" data-permalink=\"https:\/\/www.alqueriamorayma.com\/fr\/senderismo\/acequia-de-los-lobreros\/\" data-orig-file=\"https:\/\/www.alqueriamorayma.com\/wp-content\/uploads\/2017\/01\/acequia-de-los-lobreros.jpg\" data-orig-size=\"709,474\" data-comments-opened=\"1\" data-image-meta=\"{&quot;aperture&quot;:&quot;7.1&quot;,&quot;credit&quot;:&quot;&quot;,&quot;camera&quot;:&quot;NIKON D200&quot;,&quot;caption&quot;:&quot;&quot;,&quot;created_timestamp&quot;:&quot;1242497532&quot;,&quot;copyright&quot;:&quot;&quot;,&quot;focal_length&quot;:&quot;21&quot;,&quot;iso&quot;:&quot;1600&quot;,&quot;shutter_speed&quot;:&quot;0.00555555&quot;,&quot;title&quot;:&quot;&quot;,&quot;orientation&quot;:&quot;1&quot;}\" data-image-title=\"acequia-de-los-lobreros\" data-image-description=\"\" data-image-caption=\"\" data-medium-file=\"https:\/\/www.alqueriamorayma.com\/wp-content\/uploads\/2017\/01\/acequia-de-los-lobreros-300x201.jpg\" data-large-file=\"https:\/\/www.alqueriamorayma.com\/wp-content\/uploads\/2017\/01\/acequia-de-los-lobreros.jpg\" tabindex=\"0\" role=\"button\" class=\"size-medium wp-image-450 alignright\" src=\"http:\/\/www.alqueriamorayma.com\/wp-content\/uploads\/2017\/01\/acequia-de-los-lobreros-300x201.jpg\" alt=\"\" width=\"300\" height=\"201\" srcset=\"https:\/\/www.alqueriamorayma.com\/wp-content\/uploads\/2017\/01\/acequia-de-los-lobreros-300x201.jpg 300w, https:\/\/www.alqueriamorayma.com\/wp-content\/uploads\/2017\/01\/acequia-de-los-lobreros.jpg 709w\" sizes=\"(max-width: 300px) 100vw, 300px\" \/>A la droite de l\u2019acequia, le domaine de la<\/p>\n<p>Alquer\u00eda avec une v\u00e9g\u00e9tation typique de for\u00eat m\u00e9diterrann\u00e9nne, et \u00e0 gauche les plantations de peupliers accompagnent le cours de la rivi\u00e8re de C\u00e1diar. Les violettes odorantes et les redoules toxiques donnet une nuance sp\u00e9ciale \u00e0 ce chemin.<\/p>\n<p>La acequia de los Tomeses d\u00e9bouche sur le chemin de troupeaux qui monte de la rivi\u00e8re\u00a0vers\u00a0 la Alquer\u00eda Morayma. Prendre par l\u00e0, \u00e0 droite, et apr\u00e8s avoir mont\u00e9 un\u00a0bon d\u00e9nivel\u00e9 contre les terrasses d\u2019oliviers \u00e0 droite et laissant \u00e0 gauche une maison, puis la ferme de la Alquer\u00eda, on revient au point de d\u00e9part.<\/div>\n<hr \/>\n<h3 class=\"contentheading\">GR-142 et GR-7<\/h3>\n<p><strong>L\u2019Alpujarra vall\u00e9e a vall\u00e9e.<\/strong><\/p>\n<p>Deux grands sentiers traversent le versant sud de la Sierra Nevada parcourant de nombreux villages et passent pr\u00e8s de l\u2019Alquer\u00eda de Morayma : le GR-7 qui entre dans la Alpujarra par le col de la Ragua, traverse les villages de haute altitude et se dirige vers l\u2019occident (1), et le GR-142 \u00ab Sentiers de l\u2019Alpujarra \u00bb qui plus au sud parcourt une grande partie de l\u2019Alpujarra traversant la province de Grenade et d\u2019Almer\u00eda, pour traverser la Sierra Nevada vers le nord quand celle ci se fait plus accessible par son altitude. Il y a aussi d\u2019autres sentiers de parcourt plus r\u00e9duit : le PR-25 qui unit les deux GRs et joint le village de Cadiar par un sentier avec celui de Mecina Bombar\u00f3n et le PR-32 qui en partant de Cadiar passe par la sierra de la Contraviesa. Il y a d\u2019autres sentiers signalis\u00e9s qui partent du GR-142, comme le PR-35, 36 et 37 qui entrent dans la sierra depuis Lauj\u00e1r de Andar\u00e1x.<\/p>\n<span class=\"collapseomatic \" id=\"id69f557cc344c5\"  tabindex=\"0\" title=\"Lire plus...\"    >Lire plus...<\/span><div id=\"target-id69f557cc344c5\" class=\"collapseomatic_content \">\n<p>Le Sentier GR-142 traverse diff\u00e9rentes vall\u00e9es, que la sierra Nevada fournit constamment d\u2019eau, les principales rivi\u00e8res qui arrosent la Alpujarra sont :<\/p>\n<ul>\n<li><strong>Le Guadalfeo.<\/strong>\n<ul>\n<li>D\u00e8s que nous sortons de Lanjar\u00f3n et passons par \u00d2rgiva ,nous traversons diff\u00e9rentes rivi\u00e8res d\u00e9bouchant dans le Guadalfeo (Rivi\u00e8re Sucio , rivi\u00e8re Chico, rivi\u00e8re Sec). Mais c\u2019est plus en avant que nous rencontrons les affluents du Guadalfeo , ce sont le Poqueira et le Trev\u00e9lez. Ce dernier se traverse plusieurs fois sur des ponts d\u2019une architecture impressionnante, c\u2019est ainsi que l\u2019on va du versant d\u2019un village \u00e0 un autre, traversant les failles de la montagne, (d\u2019\u00d3rgiva \u00e0 Fondales, de Busqu\u00edstar \u00e0 Not\u00e1ez,) zigzagant par ses sentiers traditionnels empierr\u00e9s.<br \/>\nLa plupart de ce trajet passe par la Solana du Guadalfeo, par son c\u00f4t\u00e9 droit. C\u2019est ici qu\u2019apparaissent \u00ab perch\u00e9s sur de vertigineuses pentes les villages de Not\u00e1ez et C\u00e1staras, construits en nid d\u2019aigle et qui d\u2019en bas paraissent inaccessibles \u00bb (2).<br \/>\nPlus loin \u00e0 Lobras il descend jusqu\u2019\u00e0 la rivi\u00e8re la traverse et va jusqu\u2019\u00e0 C\u00e1diar, cela donne une vue panoramique des cimes de la Sierra impressionnante, peu apr\u00e8s il abandonne son lit qui va vers sa source, pour continuer vers l\u2019orient.<\/li>\n<\/ul>\n<\/li>\n<li><strong>R\u00edo Grande de Adra.<\/strong>\n<ul>\n<li>A partir du village de C\u00e1diar, le sentier passe par un ravin (un lit d\u2019une rivi\u00e8re \u00e0 sec, sauf pendant l\u2019\u00e9poque des pluies) couvert de v\u00e9g\u00e9tation, qui conduira \u00e1 la rivi\u00e8re de Y\u00e1tor (l\u2019affluent occidental de la rivi\u00e8re Adra).<br \/>\nApr\u00e8s \u00eatre pass\u00e9 par d\u2019insolites villages comme celui de Jorayr\u00e1tar l\u2019on continue par le lit de la rivi\u00e8re et nous d\u00e9couvrirons le hameau de Los Montoros. Plus loin, \u00e0 Las Canteras, se joignant \u00e0 la rivi\u00e8re Ug\u00edjar, nous le suivrons jusqu\u2019\u00e0 son embouchure dans la rivi\u00e8re Bay\u00e1rcal,. celle ci alimente la rivi\u00e8re Adra pr\u00e8s du barrage de Ben\u00ednar.<\/li>\n<\/ul>\n<\/li>\n<li><strong>L\u2019Andar\u00e1x.<\/strong>\n<ul>\n<li>Il prend naissance sur la cime la plus orientale du versant sud de la Sierra Nevada, pour descendre jusqu\u2019\u00e0 Lauj\u00e1r de Andar\u00e1x. A partir de ce village poss\u00e9dant de nombreuses sources, le sentier continue dans sa vall\u00e9e. En chemin \u00e0 Benec\u00edd nous apercevons en face, des deux c\u00f4t\u00e9s de l\u2019Andar\u00e1x, les villages pittoresques de Fuente Victoria et de Fond\u00f3n, qui ont une grande tradition historique. Nous nous s\u00e9parons un peu de son cours pour traverser les villages de Alm\u00f3cita et Padules. Depuis ce dernier village, le sentier rencontre \u00e0 nouveau la rivi\u00e8re, pour remonter par un de ses affluents, la rivi\u00e8re Chico, \u00e0 Canj\u00e1yar pour arriver \u00e0 Ohanes au milieu des vignes des fameux \u00ab raisins de Ohanes \u00bb Toutes ces vignes sont plant\u00e9es sur les versants de la montagne, sur les diff\u00e9rentes terrasses utilisables pour leurs cultures.<br \/>\nDu village de Ohanes par une piste foresti\u00e8re l\u2019on traverse la Sierra Nevada. Un fois en haut descendant par le versant nord entre ch\u00eanaies et pin\u00e8des nous arrivons au village d\u2019Abrucena. Une de ses rigoles alimente quatre moulins, le dernier (comme \u00e0 C\u00e1diar ) fort heureusement continue de moudre. De l\u00e0 entre des terrasses d\u2019oliviers, avec des murs en pierre et traversant jardins potagers et oliveraies nous arrivons \u00e0 Fi\u00f1ana. Juste avant d\u2019arriver au village nous traversons le lit de la rivi\u00e8re Nacimento ici g\u00e9n\u00e9ralement sec. Ces eaux, \u00ab bues \u00e0 la fois par l\u2019homme, les cultures et la chaleur peu de fois atteignent la m\u00e9diterran\u00e9e \u00bb(2)<\/li>\n<\/ul>\n<\/li>\n<li>Le Nacimiento est la principale rivi\u00e8re du nord est de la Sierra Nevada, elle r\u00e9cup\u00e8re les eaux \u00e0 grand d\u00e9bit du versant nord et plus tard elle s\u2019unira avec la rivi\u00e8re Andar\u00e1x. Ces deux rivi\u00e8res font la limite orientale du Parc Naturel de la Sierra Nevada.\n<ul>\n<li>De tous ces lits de rivi\u00e8res naissent d\u2019innombrables rigoles. Certaines arrosent des terrasses pr\u00e8s de la rivi\u00e8re, d\u2019autres tracent un long et sinueux parcourt. L\u2019on dit que cela est un \u0153uvre du g\u00e9nie arabe. L\u2019on conserve encore son utilisation et son tracer, sauf quelques petites rigoles qui se perdent car il y a un abandon de l\u2019agriculture.<br \/>\nCela fait peu de temps la Alpujarra avait une agriculture principalement de subsistance et d\u2019auto consommation. Il y a une majorit\u00e9 de petites propri\u00e9t\u00e9s et il se trouve qu\u2019un agriculteur poss\u00e8de plusieurs terrasses s\u00e9par\u00e9es entre elles.<br \/>\nLes potagers et les arbres fruitiers d\u2019irrigation accompagnent chaque village. D\u2019en face nous voyons les montagnes illumin\u00e9es par les taches blanches des maisons et la verdeur qui entoure les villages.<br \/>\nLes premiers mois de l\u2019ann\u00e9e nous pouvons contempler la beaut\u00e9 des amandiers en fleurs, avec pour fond les cimes enneig\u00e9es de la Sierra Nevada. Plus tard tous les arbres bourgeonnent et fleurissent. Ce sont les saisons du printemps et de l\u2019automne les pr\u00e9f\u00e9r\u00e9es.<br \/>\nIl faut tenir compte que pendant les jours chauds des mois de juillet et d\u2019ao\u00fbt il est recommandable de commencer la marche tr\u00e8s t\u00f4t, pour que quand la chaleur de midi arrive nous soyons \u00e0 l\u2019ombre d\u2019un endroit confortable.<\/li>\n<\/ul>\n<\/li>\n<\/ul>\n<p>(1) Voyez le guide \u00ab Una semana andando por la Alpujarra, \u00bb el GR-7 de la editorial Proyecto Sur.1999<\/p>\n<p>(2) Jean-Christian Spahini \u00ab L\u2019Alpujarra. L\u2019Andalousie secr\u00e8te \u00bb 1959<\/p>\n<p>(3) Les raisins du village sont connus sous ce nom avec d\u00e9nomination d\u2019origine. Aussi appel\u00e9s \u00ab raisins de bateau \u00bb car depuis 1752 ils se transportaient dans des tonneaux jusqu\u2019au port d\u2019Almer\u00eda .<\/p>\n<\/div>","protected":false},"excerpt":{"rendered":"<p>Sendero Local \u201cLas acequias de la Alquer\u00eda\u201d SL-A 49 Dur\u00e9e\u00a01h. \u00a0Distance: 2 Km. \u00a0D\u00e9nivel\u00e9: 75 m. \u00a0 Balis\u00e9 par des bandes verte et blanche. Le sentier commence en face du pittoresque b\u00e2timent o\u00f9 se trouvent le fouloir et la presse<\/p>\n","protected":false},"author":1,"featured_media":0,"parent":0,"menu_order":0,"comment_status":"closed","ping_status":"closed","template":"","meta":{"jetpack_post_was_ever_published":false,"footnotes":""},"yoast_head":"<!-- This site is optimized with the Yoast SEO plugin v23.5 - https:\/\/yoast.com\/wordpress\/plugins\/seo\/ -->\n<title>Randonn\u00e9e p\u00e9destre - Alquer\u00eda de Morayma<\/title>\n<meta name=\"robots\" content=\"index, follow, max-snippet:-1, max-image-preview:large, max-video-preview:-1\" \/>\n<link rel=\"canonical\" href=\"https:\/\/www.alqueriamorayma.com\/fr\/senderismo\/\" \/>\n<meta property=\"og:locale\" content=\"fr_FR\" \/>\n<meta property=\"og:type\" content=\"article\" \/>\n<meta property=\"og:title\" content=\"Randonn\u00e9e p\u00e9destre - Alquer\u00eda de Morayma\" \/>\n<meta property=\"og:description\" content=\"Sendero Local \u201cLas acequias de la Alquer\u00eda\u201d SL-A 49 Dur\u00e9e\u00a01h. \u00a0Distance: 2 Km. \u00a0D\u00e9nivel\u00e9: 75 m. \u00a0 Balis\u00e9 par des bandes verte et blanche. Le sentier commence en face du pittoresque b\u00e2timent o\u00f9 se trouvent le fouloir et la presse\" \/>\n<meta property=\"og:url\" content=\"https:\/\/www.alqueriamorayma.com\/fr\/senderismo\/\" \/>\n<meta property=\"og:site_name\" content=\"Alquer\u00eda de Morayma\" \/>\n<meta property=\"article:publisher\" content=\"https:\/\/es-es.facebook.com\/alqueriamorayma\/\" \/>\n<meta property=\"article:modified_time\" content=\"2017-02-24T12:12:56+00:00\" \/>\n<meta property=\"og:image\" content=\"http:\/\/www.alqueriamorayma.com\/wp-content\/uploads\/2017\/01\/comienzo-del-sendero-acequia-alqueria-300x201.jpg\" \/>\n<meta name=\"twitter:card\" content=\"summary_large_image\" \/>\n<meta name=\"twitter:site\" content=\"@alqueriamorayma\" \/>\n<meta name=\"twitter:label1\" content=\"Dur\u00e9e de lecture estim\u00e9e\" \/>\n\t<meta name=\"twitter:data1\" content=\"137 minutes\" \/>\n<script type=\"application\/ld+json\" class=\"yoast-schema-graph\">{\"@context\":\"https:\/\/schema.org\",\"@graph\":[{\"@type\":\"WebPage\",\"@id\":\"https:\/\/www.alqueriamorayma.com\/fr\/senderismo\/\",\"url\":\"https:\/\/www.alqueriamorayma.com\/fr\/senderismo\/\",\"name\":\"Randonn\u00e9e p\u00e9destre - Alquer\u00eda de Morayma\",\"isPartOf\":{\"@id\":\"https:\/\/www.alqueriamorayma.com\/#website\"},\"primaryImageOfPage\":{\"@id\":\"https:\/\/www.alqueriamorayma.com\/fr\/senderismo\/#primaryimage\"},\"image\":{\"@id\":\"https:\/\/www.alqueriamorayma.com\/fr\/senderismo\/#primaryimage\"},\"thumbnailUrl\":\"http:\/\/www.alqueriamorayma.com\/wp-content\/uploads\/2017\/01\/comienzo-del-sendero-acequia-alqueria-300x201.jpg\",\"datePublished\":\"2017-01-17T12:59:17+00:00\",\"dateModified\":\"2017-02-24T12:12:56+00:00\",\"breadcrumb\":{\"@id\":\"https:\/\/www.alqueriamorayma.com\/fr\/senderismo\/#breadcrumb\"},\"inLanguage\":\"fr-FR\",\"potentialAction\":[{\"@type\":\"ReadAction\",\"target\":[\"https:\/\/www.alqueriamorayma.com\/fr\/senderismo\/\"]}]},{\"@type\":\"ImageObject\",\"inLanguage\":\"fr-FR\",\"@id\":\"https:\/\/www.alqueriamorayma.com\/fr\/senderismo\/#primaryimage\",\"url\":\"http:\/\/www.alqueriamorayma.com\/wp-content\/uploads\/2017\/01\/comienzo-del-sendero-acequia-alqueria-300x201.jpg\",\"contentUrl\":\"http:\/\/www.alqueriamorayma.com\/wp-content\/uploads\/2017\/01\/comienzo-del-sendero-acequia-alqueria-300x201.jpg\"},{\"@type\":\"BreadcrumbList\",\"@id\":\"https:\/\/www.alqueriamorayma.com\/fr\/senderismo\/#breadcrumb\",\"itemListElement\":[{\"@type\":\"ListItem\",\"position\":1,\"name\":\"Portada\",\"item\":\"https:\/\/www.alqueriamorayma.com\/\"},{\"@type\":\"ListItem\",\"position\":2,\"name\":\"Randonn\u00e9e p\u00e9destre\"}]},{\"@type\":\"WebSite\",\"@id\":\"https:\/\/www.alqueriamorayma.com\/#website\",\"url\":\"https:\/\/www.alqueriamorayma.com\/\",\"name\":\"Alquer\u00eda de Morayma\",\"description\":\"Hotel Rural en la Alpujarra\",\"publisher\":{\"@id\":\"https:\/\/www.alqueriamorayma.com\/#organization\"},\"potentialAction\":[{\"@type\":\"SearchAction\",\"target\":{\"@type\":\"EntryPoint\",\"urlTemplate\":\"https:\/\/www.alqueriamorayma.com\/?s={search_term_string}\"},\"query-input\":{\"@type\":\"PropertyValueSpecification\",\"valueRequired\":true,\"valueName\":\"search_term_string\"}}],\"inLanguage\":\"fr-FR\"},{\"@type\":\"Organization\",\"@id\":\"https:\/\/www.alqueriamorayma.com\/#organization\",\"name\":\"Alqueria de Morayma\",\"url\":\"https:\/\/www.alqueriamorayma.com\/\",\"logo\":{\"@type\":\"ImageObject\",\"inLanguage\":\"fr-FR\",\"@id\":\"https:\/\/www.alqueriamorayma.com\/#\/schema\/logo\/image\/\",\"url\":\"https:\/\/i0.wp.com\/www.alqueriamorayma.com\/wp-content\/uploads\/2017\/03\/logo-alqueria.png?fit=100%2C74\",\"contentUrl\":\"https:\/\/i0.wp.com\/www.alqueriamorayma.com\/wp-content\/uploads\/2017\/03\/logo-alqueria.png?fit=100%2C74\",\"width\":100,\"height\":74,\"caption\":\"Alqueria de Morayma\"},\"image\":{\"@id\":\"https:\/\/www.alqueriamorayma.com\/#\/schema\/logo\/image\/\"},\"sameAs\":[\"https:\/\/es-es.facebook.com\/alqueriamorayma\/\",\"https:\/\/x.com\/alqueriamorayma\"]}]}<\/script>\n<!-- \/ Yoast SEO plugin. -->","yoast_head_json":{"title":"Randonn\u00e9e p\u00e9destre - Alquer\u00eda de Morayma","robots":{"index":"index","follow":"follow","max-snippet":"max-snippet:-1","max-image-preview":"max-image-preview:large","max-video-preview":"max-video-preview:-1"},"canonical":"https:\/\/www.alqueriamorayma.com\/fr\/senderismo\/","og_locale":"fr_FR","og_type":"article","og_title":"Randonn\u00e9e p\u00e9destre - Alquer\u00eda de Morayma","og_description":"Sendero Local \u201cLas acequias de la Alquer\u00eda\u201d SL-A 49 Dur\u00e9e\u00a01h. \u00a0Distance: 2 Km. \u00a0D\u00e9nivel\u00e9: 75 m. \u00a0 Balis\u00e9 par des bandes verte et blanche. Le sentier commence en face du pittoresque b\u00e2timent o\u00f9 se trouvent le fouloir et la presse","og_url":"https:\/\/www.alqueriamorayma.com\/fr\/senderismo\/","og_site_name":"Alquer\u00eda de Morayma","article_publisher":"https:\/\/es-es.facebook.com\/alqueriamorayma\/","article_modified_time":"2017-02-24T12:12:56+00:00","og_image":[{"url":"http:\/\/www.alqueriamorayma.com\/wp-content\/uploads\/2017\/01\/comienzo-del-sendero-acequia-alqueria-300x201.jpg"}],"twitter_card":"summary_large_image","twitter_site":"@alqueriamorayma","twitter_misc":{"Dur\u00e9e de lecture estim\u00e9e":"137 minutes"},"schema":{"@context":"https:\/\/schema.org","@graph":[{"@type":"WebPage","@id":"https:\/\/www.alqueriamorayma.com\/fr\/senderismo\/","url":"https:\/\/www.alqueriamorayma.com\/fr\/senderismo\/","name":"Randonn\u00e9e p\u00e9destre - Alquer\u00eda de Morayma","isPartOf":{"@id":"https:\/\/www.alqueriamorayma.com\/#website"},"primaryImageOfPage":{"@id":"https:\/\/www.alqueriamorayma.com\/fr\/senderismo\/#primaryimage"},"image":{"@id":"https:\/\/www.alqueriamorayma.com\/fr\/senderismo\/#primaryimage"},"thumbnailUrl":"http:\/\/www.alqueriamorayma.com\/wp-content\/uploads\/2017\/01\/comienzo-del-sendero-acequia-alqueria-300x201.jpg","datePublished":"2017-01-17T12:59:17+00:00","dateModified":"2017-02-24T12:12:56+00:00","breadcrumb":{"@id":"https:\/\/www.alqueriamorayma.com\/fr\/senderismo\/#breadcrumb"},"inLanguage":"fr-FR","potentialAction":[{"@type":"ReadAction","target":["https:\/\/www.alqueriamorayma.com\/fr\/senderismo\/"]}]},{"@type":"ImageObject","inLanguage":"fr-FR","@id":"https:\/\/www.alqueriamorayma.com\/fr\/senderismo\/#primaryimage","url":"http:\/\/www.alqueriamorayma.com\/wp-content\/uploads\/2017\/01\/comienzo-del-sendero-acequia-alqueria-300x201.jpg","contentUrl":"http:\/\/www.alqueriamorayma.com\/wp-content\/uploads\/2017\/01\/comienzo-del-sendero-acequia-alqueria-300x201.jpg"},{"@type":"BreadcrumbList","@id":"https:\/\/www.alqueriamorayma.com\/fr\/senderismo\/#breadcrumb","itemListElement":[{"@type":"ListItem","position":1,"name":"Portada","item":"https:\/\/www.alqueriamorayma.com\/"},{"@type":"ListItem","position":2,"name":"Randonn\u00e9e p\u00e9destre"}]},{"@type":"WebSite","@id":"https:\/\/www.alqueriamorayma.com\/#website","url":"https:\/\/www.alqueriamorayma.com\/","name":"Alquer\u00eda de Morayma","description":"Hotel Rural en la Alpujarra","publisher":{"@id":"https:\/\/www.alqueriamorayma.com\/#organization"},"potentialAction":[{"@type":"SearchAction","target":{"@type":"EntryPoint","urlTemplate":"https:\/\/www.alqueriamorayma.com\/?s={search_term_string}"},"query-input":{"@type":"PropertyValueSpecification","valueRequired":true,"valueName":"search_term_string"}}],"inLanguage":"fr-FR"},{"@type":"Organization","@id":"https:\/\/www.alqueriamorayma.com\/#organization","name":"Alqueria de Morayma","url":"https:\/\/www.alqueriamorayma.com\/","logo":{"@type":"ImageObject","inLanguage":"fr-FR","@id":"https:\/\/www.alqueriamorayma.com\/#\/schema\/logo\/image\/","url":"https:\/\/i0.wp.com\/www.alqueriamorayma.com\/wp-content\/uploads\/2017\/03\/logo-alqueria.png?fit=100%2C74","contentUrl":"https:\/\/i0.wp.com\/www.alqueriamorayma.com\/wp-content\/uploads\/2017\/03\/logo-alqueria.png?fit=100%2C74","width":100,"height":74,"caption":"Alqueria de Morayma"},"image":{"@id":"https:\/\/www.alqueriamorayma.com\/#\/schema\/logo\/image\/"},"sameAs":["https:\/\/es-es.facebook.com\/alqueriamorayma\/","https:\/\/x.com\/alqueriamorayma"]}]}},"jetpack_sharing_enabled":true,"jetpack_shortlink":"https:\/\/wp.me\/P8sFGa-1F","jetpack-related-posts":[],"_links":{"self":[{"href":"https:\/\/www.alqueriamorayma.com\/fr\/wp-json\/wp\/v2\/pages\/103"}],"collection":[{"href":"https:\/\/www.alqueriamorayma.com\/fr\/wp-json\/wp\/v2\/pages"}],"about":[{"href":"https:\/\/www.alqueriamorayma.com\/fr\/wp-json\/wp\/v2\/types\/page"}],"author":[{"embeddable":true,"href":"https:\/\/www.alqueriamorayma.com\/fr\/wp-json\/wp\/v2\/users\/1"}],"replies":[{"embeddable":true,"href":"https:\/\/www.alqueriamorayma.com\/fr\/wp-json\/wp\/v2\/comments?post=103"}],"version-history":[{"count":12,"href":"https:\/\/www.alqueriamorayma.com\/fr\/wp-json\/wp\/v2\/pages\/103\/revisions"}],"predecessor-version":[{"id":542,"href":"https:\/\/www.alqueriamorayma.com\/fr\/wp-json\/wp\/v2\/pages\/103\/revisions\/542"}],"wp:attachment":[{"href":"https:\/\/www.alqueriamorayma.com\/fr\/wp-json\/wp\/v2\/media?parent=103"}],"curies":[{"name":"wp","href":"https:\/\/api.w.org\/{rel}","templated":true}]}}